{"id":124,"date":"2022-06-27T23:06:27","date_gmt":"2022-06-27T23:06:27","guid":{"rendered":"https:\/\/www.ruralpergamino.org.ar\/site\/?page_id=124"},"modified":"2023-06-16T14:38:29","modified_gmt":"2023-06-16T17:38:29","slug":"historia","status":"publish","type":"page","link":"https:\/\/www.ruralpergamino.org.ar\/site\/historia\/","title":{"rendered":"Historia"},"content":{"rendered":"<div class=\"wpb-content-wrapper\"><p>[vc_row][vc_column][vc_empty_space][vc_column_text]<a class=\"dt-pswp-item\" href=\"https:\/\/www.ruralpergamino.org.ar\/site\/wp-content\/uploads\/2022\/07\/Carreta-Sociedad-Rural-de-Pergamino.png\" data-dt-img-description=\"\" data-large_image_width=\"593\" data-large_image_height=\"451\"><img loading=\"lazy\" decoding=\"async\" class=\"size-medium wp-image-969 alignright\" src=\"https:\/\/www.ruralpergamino.org.ar\/site\/wp-content\/uploads\/2022\/07\/Carreta-Sociedad-Rural-de-Pergamino-300x228.png\" alt=\"\" width=\"300\" height=\"228\" srcset=\"https:\/\/www.ruralpergamino.org.ar\/site\/wp-content\/uploads\/2022\/07\/Carreta-Sociedad-Rural-de-Pergamino-300x228.png 300w, https:\/\/www.ruralpergamino.org.ar\/site\/wp-content\/uploads\/2022\/07\/Carreta-Sociedad-Rural-de-Pergamino.png 593w\" sizes=\"auto, (max-width: 300px) 100vw, 300px\" \/><\/a>La <strong><span style=\"color: #0a7533;\">Sociedad Rural<\/span> <\/strong>de <strong><span style=\"color: #0a7533;\">Pergamino<\/span><\/strong> fue fundada el <strong><span style=\"color: #0a7533;\">23<\/span><\/strong> de <strong><span style=\"color: #0a7533;\">abril<\/span> <\/strong>de <strong><span style=\"color: #0a7533;\">1927<\/span> <\/strong>por un grupo de 36 productores agropecuarios que decidieron nuclearse para enfrentar la crisis que se insinuaba a nivel internacional, a causa de la superproducci\u00f3n agr\u00edcola que se produjo despu\u00e9s de la Primera Guerra Mundial y dio lugar a la llamada Gran Depresi\u00f3n.<\/p>\n<p>La situaci\u00f3n tuvo una marcada influencia para Argentina, por el papel que entonces ten\u00eda nuestro pa\u00eds en el comercio mundial de granos y carnes, afectando directamente a ciudades como Pergamino, que desde sus or\u00edgenes se destacaron dentro de la regi\u00f3n productiva.<\/p>\n<p>Es as\u00ed que las graves dificultades que se desataron para el campo y en consecuencia, en toda la econom\u00eda con nuevas reglas del juego para el trabajo, el comercio y la industria, generaron que en la segunda mitad de la d\u00e9cada del veinte, se produzcan variadas reacciones de la sociedad para responder frente a la nueva realidad. En este contexto, el 23 de abril de 1927 en las instalaciones del Club Social, se reunieron el mencionado grupo de 36 productores, y dieron lugar a la asamblea constitutiva que fund\u00f3 la Sociedad Rural de Pergamino, y eligi\u00f3 la primera Comisi\u00f3n Directiva, que nombr\u00f3 a Edmundo H. Hearne Presidente.<\/p>\n<p>Desde ese a\u00f1o, la instituci\u00f3n ha transitado un largo y fecundo camino en el Partido, consolid\u00e1ndose como referente del campo para todos los pergaminenses.[\/vc_column_text][vc_empty_space][vc_text_separator title=\u00bbHECHOS RELEVANTES DE NUESTRA HISTORIA\u00bb color=\u00bbgreen\u00bb][vc_empty_space]<div class=\"jstime timeline_preloader\" style=\"opacity:0;width:35px;margin:auto;margin-top:30px;\"><img decoding=\"async\" style=\"box-shadow:none;\" alt=\"timeline_pre_loader\" src=\"https:\/\/www.ruralpergamino.org.ar\/site\/wp-content\/plugins\/Ultimate_VC_Addons\/modules\/..\/assets\/img\/timeline_pre-loader.gif\" \/><\/div><div class=\"smile-icon-timeline-wrap jstime   \"     style=\"opacity:0; \"><div class=\"timeline-line \" style=\"border-right-color:;\"><span><\/span><\/div><div class=\"timeline-wrapper\"><div class=\"timeline-block \"><div class=\"timeline-dot\"><\/div><div class=\"ult-timeline-arrow\"><s><\/s><l><\/l><\/div><div class=\"timeline-icon-block\"><div class=\"ult-timeline-icon \" style=\"   \"><div class=\"ult-just-icon-wrapper  \"><div class=\"align-icon\" style=\"text-align:center;\"><\/div><\/div><\/div> <!-- icon --><\/div><div class=\"timeline-header-block\" >\n\t\t\t\t\t\t\t<div id=\"timeline-item-2112\" class=\"timeline-header\" style=\"\"><h3 class=\"ult-timeline-title ult-responsive\"  data-ultimate-target='#timeline-item-2112 .ult-timeline-title'  data-responsive-json-new='{\"font-size\":\"\",\"line-height\":\"\"}'  style=\"\">1927<\/h3><div class=\"ult-responsive timeline-item-spt\"  data-ultimate-target='#timeline-item-2112 .timeline-item-spt'  data-responsive-json-new='{\"font-size\":\"\",\"line-height\":\"\"}'  style=\"\">l 24 de septiembre se inaugura la primera exposici\u00f3n rural de la Sociedad Rural con la presencia del intendente municipal Dr. Valentini ( ocupando distintos locales hasta el a\u00f1o 1951 en que comenz\u00f3 a realizarse ininterrumpidamente en el actual predio de la Ruta 8).<br \/>\n<a class=\"dt-pswp-item\" href=\"https:\/\/www.ruralpergamino.org.ar\/site\/wp-content\/uploads\/2023\/06\/1927.jpg\" data-dt-img-description=\"\" data-large_image_width=\"200\" data-large_image_height=\"181\"><img loading=\"lazy\" decoding=\"async\" class=\"size-full wp-image-1481 aligncenter\" src=\"https:\/\/www.ruralpergamino.org.ar\/site\/wp-content\/uploads\/2023\/06\/1927.jpg\" alt=\"\" width=\"200\" height=\"181\" \/><\/a><\/div><\/div> <!-- header --><\/div><\/div><div class=\"timeline-block \"><div class=\"timeline-dot\"><\/div><div class=\"ult-timeline-arrow\"><s><\/s><l><\/l><\/div><div class=\"timeline-icon-block\"><div class=\"ult-timeline-icon tl-icon-no-bg\" style=\"   \"><\/div> <!-- icon --><\/div><div class=\"timeline-header-block\" >\n\t\t\t\t\t\t\t<div id=\"timeline-item-2377\" class=\"timeline-header\" style=\"\"><h3 class=\"ult-timeline-title ult-responsive\"  data-ultimate-target='#timeline-item-2377 .ult-timeline-title'  data-responsive-json-new='{\"font-size\":\"\",\"line-height\":\"\"}'  style=\"\">1933<\/h3><div class=\"ult-responsive timeline-item-spt\"  data-ultimate-target='#timeline-item-2377 .timeline-item-spt'  data-responsive-json-new='{\"font-size\":\"\",\"line-height\":\"\"}'  style=\"\">El 13 de abril se acuerda la afiliaci\u00f3n de la entidad a la Confederaci\u00f3n de Asociaciones Rurales de Buenos Aires y La Pampa &#8211; CARBAP &#8211;<\/div><\/div> <!-- header --><\/div><\/div><div class=\"timeline-block \"><div class=\"timeline-dot\"><\/div><div class=\"ult-timeline-arrow\"><s><\/s><l><\/l><\/div><div class=\"timeline-icon-block\"><div class=\"ult-timeline-icon tl-icon-no-bg\" style=\"   \"><\/div> <!-- icon --><\/div><div class=\"timeline-header-block\" >\n\t\t\t\t\t\t\t<div id=\"timeline-item-2889\" class=\"timeline-header\" style=\"\"><h3 class=\"ult-timeline-title ult-responsive\"  data-ultimate-target='#timeline-item-2889 .ult-timeline-title'  data-responsive-json-new='{\"font-size\":\"\",\"line-height\":\"\"}'  style=\"\">1935<\/h3><div class=\"ult-responsive timeline-item-spt\"  data-ultimate-target='#timeline-item-2889 .timeline-item-spt'  data-responsive-json-new='{\"font-size\":\"\",\"line-height\":\"\"}'  style=\"\">Se realiza en Pergamino 4\u00b0 Congreso Rural CARBAP.<\/div><\/div> <!-- header --><\/div><\/div><div class=\"timeline-block \"><div class=\"timeline-dot\"><\/div><div class=\"ult-timeline-arrow\"><s><\/s><l><\/l><\/div><div class=\"timeline-icon-block\"><div class=\"ult-timeline-icon tl-icon-no-bg\" style=\"   \"><\/div> <!-- icon --><\/div><div class=\"timeline-header-block\" >\n\t\t\t\t\t\t\t<div id=\"timeline-item-8381\" class=\"timeline-header\" style=\"\"><h3 class=\"ult-timeline-title ult-responsive\"  data-ultimate-target='#timeline-item-8381 .ult-timeline-title'  data-responsive-json-new='{\"font-size\":\"\",\"line-height\":\"\"}'  style=\"\">1937 - 1943<\/h3><div class=\"ult-responsive timeline-item-spt\"  data-ultimate-target='#timeline-item-8381 .timeline-item-spt'  data-responsive-json-new='{\"font-size\":\"\",\"line-height\":\"\"}'  style=\"\">Casi coincidente con la II\u00b0GM, la instituci\u00f3n permanece disuelta por diferencia de criterios y variadas crisis que dejaron al campo sin representantes ruralistas durante a\u00f1os.<\/div><\/div> <!-- header --><\/div><\/div><div class=\"timeline-block \"><div class=\"timeline-dot\"><\/div><div class=\"ult-timeline-arrow\"><s><\/s><l><\/l><\/div><div class=\"timeline-icon-block\"><div class=\"ult-timeline-icon tl-icon-no-bg\" style=\"   \"><\/div> <!-- icon --><\/div><div class=\"timeline-header-block\" >\n\t\t\t\t\t\t\t<div id=\"timeline-item-9649\" class=\"timeline-header\" style=\"\"><h3 class=\"ult-timeline-title ult-responsive\"  data-ultimate-target='#timeline-item-9649 .ult-timeline-title'  data-responsive-json-new='{\"font-size\":\"\",\"line-height\":\"\"}'  style=\"\">1946<\/h3><div class=\"ult-responsive timeline-item-spt\"  data-ultimate-target='#timeline-item-9649 .timeline-item-spt'  data-responsive-json-new='{\"font-size\":\"\",\"line-height\":\"\"}'  style=\"\">Durante la presidencia de Pedro Lopez Godoy, se resuelve la compra del actual predio ferial y se comienzan a construir las instalaciones. Como mudo testigo de esta \u00e9poca, se mantiene aun \u00abla carreta\u00bb que fue la primera instalaci\u00f3n colocada en el predio de exposiciones.<\/p>\n<p><a class=\"dt-pswp-item\" href=\"https:\/\/www.ruralpergamino.org.ar\/site\/wp-content\/uploads\/2023\/06\/1946.jpg\" data-dt-img-description=\"\" data-large_image_width=\"200\" data-large_image_height=\"181\"><img loading=\"lazy\" decoding=\"async\" class=\"size-full wp-image-1489 aligncenter\" src=\"https:\/\/www.ruralpergamino.org.ar\/site\/wp-content\/uploads\/2023\/06\/1946.jpg\" alt=\"\" width=\"200\" height=\"181\" \/><\/a><\/div><\/div> <!-- header --><\/div><\/div><div class=\"timeline-block \"><div class=\"timeline-dot\"><\/div><div class=\"ult-timeline-arrow\"><s><\/s><l><\/l><\/div><div class=\"timeline-icon-block\"><div class=\"ult-timeline-icon tl-icon-no-bg\" style=\"   \"><\/div> <!-- icon --><\/div><div class=\"timeline-header-block\" >\n\t\t\t\t\t\t\t<div id=\"timeline-item-9102\" class=\"timeline-header\" style=\"\"><h3 class=\"ult-timeline-title ult-responsive\"  data-ultimate-target='#timeline-item-9102 .ult-timeline-title'  data-responsive-json-new='{\"font-size\":\"\",\"line-height\":\"\"}'  style=\"\">1946<\/h3><div class=\"ult-responsive timeline-item-spt\"  data-ultimate-target='#timeline-item-9102 .timeline-item-spt'  data-responsive-json-new='{\"font-size\":\"\",\"line-height\":\"\"}'  style=\"\">Durante la presencia de Juan Soulages se resuelve la compra de la sede social.<br \/>\n<a class=\"dt-pswp-item\" href=\"https:\/\/www.ruralpergamino.org.ar\/site\/wp-content\/uploads\/2023\/06\/1946-2.jpg\" data-dt-img-description=\"\" data-large_image_width=\"200\" data-large_image_height=\"181\"><img loading=\"lazy\" decoding=\"async\" class=\"size-full wp-image-1491 aligncenter\" src=\"https:\/\/www.ruralpergamino.org.ar\/site\/wp-content\/uploads\/2023\/06\/1946-2.jpg\" alt=\"\" width=\"200\" height=\"181\" \/><\/a><\/div><\/div> <!-- header --><\/div><\/div><div class=\"timeline-block \"><div class=\"timeline-dot\"><\/div><div class=\"ult-timeline-arrow\"><s><\/s><l><\/l><\/div><div class=\"timeline-icon-block\"><div class=\"ult-timeline-icon tl-icon-no-bg\" style=\"   \"><\/div> <!-- icon --><\/div><div class=\"timeline-header-block\" >\n\t\t\t\t\t\t\t<div id=\"timeline-item-5223\" class=\"timeline-header\" style=\"\"><h3 class=\"ult-timeline-title ult-responsive\"  data-ultimate-target='#timeline-item-5223 .ult-timeline-title'  data-responsive-json-new='{\"font-size\":\"\",\"line-height\":\"\"}'  style=\"\">1969<\/h3><div class=\"ult-responsive timeline-item-spt\"  data-ultimate-target='#timeline-item-5223 .timeline-item-spt'  data-responsive-json-new='{\"font-size\":\"\",\"line-height\":\"\"}'  style=\"\">Se construye el restaurante que fuera destruido por un incendio en el a\u00f1o 1975 y reconstruido en 1976, tal como se le puede observar ahora.<\/div><\/div> <!-- header --><\/div><\/div><div class=\"timeline-block \"><div class=\"timeline-dot\"><\/div><div class=\"ult-timeline-arrow\"><s><\/s><l><\/l><\/div><div class=\"timeline-icon-block\"><div class=\"ult-timeline-icon tl-icon-no-bg\" style=\"   \"><\/div> <!-- icon --><\/div><div class=\"timeline-header-block\" >\n\t\t\t\t\t\t\t<div id=\"timeline-item-3368\" class=\"timeline-header\" style=\"\"><h3 class=\"ult-timeline-title ult-responsive\"  data-ultimate-target='#timeline-item-3368 .ult-timeline-title'  data-responsive-json-new='{\"font-size\":\"\",\"line-height\":\"\"}'  style=\"\">1976<\/h3><div class=\"ult-responsive timeline-item-spt\"  data-ultimate-target='#timeline-item-3368 .timeline-item-spt'  data-responsive-json-new='{\"font-size\":\"\",\"line-height\":\"\"}'  style=\"\">Brilla especialmente en esos a\u00f1os la secci\u00f3n h\u00edpica , tanto en marcha como en el deporte nacional El Pato. En enero Claudio Jacquelin se consagra campe\u00f3n argentino y juvenil en la Marcha Nacional de Mar del Plata.<br \/>\nEl equipo estaba integrado adem\u00e1s por Santiago Mariani y Hernan Rodr\u00edguez de Paris, quienes en 1978 obtuvieron todos los t\u00edtulos de la Marcha Nacional.<\/p>\n<p><a class=\"dt-pswp-item\" href=\"https:\/\/www.ruralpergamino.org.ar\/site\/wp-content\/uploads\/2023\/06\/1976.jpg\" data-dt-img-description=\"\" data-large_image_width=\"200\" data-large_image_height=\"181\"><img loading=\"lazy\" decoding=\"async\" class=\"size-full wp-image-1492 aligncenter\" src=\"https:\/\/www.ruralpergamino.org.ar\/site\/wp-content\/uploads\/2023\/06\/1976.jpg\" alt=\"\" width=\"200\" height=\"181\" \/><\/a><\/div><\/div> <!-- header --><\/div><\/div><div class=\"timeline-block \"><div class=\"timeline-dot\"><\/div><div class=\"ult-timeline-arrow\"><s><\/s><l><\/l><\/div><div class=\"timeline-icon-block\"><div class=\"ult-timeline-icon tl-icon-no-bg\" style=\"   \"><\/div> <!-- icon --><\/div><div class=\"timeline-header-block\" >\n\t\t\t\t\t\t\t<div id=\"timeline-item-9021\" class=\"timeline-header\" style=\"\"><h3 class=\"ult-timeline-title ult-responsive\"  data-ultimate-target='#timeline-item-9021 .ult-timeline-title'  data-responsive-json-new='{\"font-size\":\"\",\"line-height\":\"\"}'  style=\"\">1997<\/h3><div class=\"ult-responsive timeline-item-spt\"  data-ultimate-target='#timeline-item-9021 .timeline-item-spt'  data-responsive-json-new='{\"font-size\":\"\",\"line-height\":\"\"}'  style=\"\">Se oficializa la lista de la nueva comisi\u00f3n presidiendo la entidad Mart\u00f3n Biscayart en un per\u00edodo caracterizado por la realizaci\u00f3n de una Exposici\u00f3n din\u00e1mica y ciclos de conferencias t\u00e9cnicas, intensificando las actividades con la estaci\u00f3n local del INTA. En estos a\u00f1os, se realiza un concurso del cual surge el actual logotipo de la Sociedad Rural de Pergamino.<\/p>\n<p><a class=\"dt-pswp-item\" href=\"https:\/\/www.ruralpergamino.org.ar\/site\/wp-content\/uploads\/2023\/06\/1997.jpg\" data-dt-img-description=\"\" data-large_image_width=\"200\" data-large_image_height=\"181\"><img loading=\"lazy\" decoding=\"async\" class=\"size-full wp-image-1494 aligncenter\" src=\"https:\/\/www.ruralpergamino.org.ar\/site\/wp-content\/uploads\/2023\/06\/1997.jpg\" alt=\"\" width=\"200\" height=\"181\" \/><\/a><\/div><\/div> <!-- header --><\/div><\/div><div class=\"timeline-block \"><div class=\"timeline-dot\"><\/div><div class=\"ult-timeline-arrow\"><s><\/s><l><\/l><\/div><div class=\"timeline-icon-block\"><div class=\"ult-timeline-icon tl-icon-no-bg\" style=\"   \"><\/div> <!-- icon --><\/div><div class=\"timeline-header-block\" >\n\t\t\t\t\t\t\t<div id=\"timeline-item-8058\" class=\"timeline-header\" style=\"\"><h3 class=\"ult-timeline-title ult-responsive\"  data-ultimate-target='#timeline-item-8058 .ult-timeline-title'  data-responsive-json-new='{\"font-size\":\"\",\"line-height\":\"\"}'  style=\"\">2001<\/h3><div class=\"ult-responsive timeline-item-spt\"  data-ultimate-target='#timeline-item-8058 .timeline-item-spt'  data-responsive-json-new='{\"font-size\":\"\",\"line-height\":\"\"}'  style=\"\">Tras dos per\u00edodos de presidencia en el que la instituci\u00f3n se abre a toda la comunidad, se asume la nueva comisi\u00f3n directiva, precedida por Javier Jayo Ordoqui.<br \/>\nSe abren a\u00f1os signados por la preocupante situaci\u00f3n econ\u00f3mica que atreviesa el pa\u00eds, donde la entidad continu\u00f3 teniendo una amplia participaci\u00f3n en la comunidad, en donde se destaca la campa\u00f1a solidaria por la cual se realizaron donaciones de soja a Caritas, la prticipaci\u00f3n en el foro de entidades por el grave tema de la inseguridad, siempre atentos a la defensa del productos de la Regi\u00f3n.<\/div><\/div> <!-- header --><\/div><\/div><div class=\"timeline-block \"><div class=\"timeline-dot\"><\/div><div class=\"ult-timeline-arrow\"><s><\/s><l><\/l><\/div><div class=\"timeline-icon-block\"><div class=\"ult-timeline-icon tl-icon-no-bg\" style=\"   \"><\/div> <!-- icon --><\/div><div class=\"timeline-header-block\" >\n\t\t\t\t\t\t\t<div id=\"timeline-item-5407\" class=\"timeline-header\" style=\"\"><h3 class=\"ult-timeline-title ult-responsive\"  data-ultimate-target='#timeline-item-5407 .ult-timeline-title'  data-responsive-json-new='{\"font-size\":\"\",\"line-height\":\"\"}'  style=\"\">2005<\/h3><div class=\"ult-responsive timeline-item-spt\"  data-ultimate-target='#timeline-item-5407 .timeline-item-spt'  data-responsive-json-new='{\"font-size\":\"\",\"line-height\":\"\"}'  style=\"\">La presidencia queda a cargo de Roberto Campi, seguidos de a\u00f1os de importante participaci\u00f3n en la gesti\u00f3n gremial, defendiendo los derechos de los productores ante la voracidad fiscal que demostraba no tener l\u00edmites. Pero pee a todo, se continu\u00f3 con el fomento de la producci\u00f3n, la capacitaci\u00f3n y la vinculaci\u00f3n con otras entidades y la comunidad en general.<\/p>\n<p><a class=\"dt-pswp-item\" href=\"https:\/\/www.ruralpergamino.org.ar\/site\/wp-content\/uploads\/2023\/06\/2005.jpg\" data-dt-img-description=\"\" data-large_image_width=\"200\" data-large_image_height=\"181\"><img loading=\"lazy\" decoding=\"async\" class=\"size-full wp-image-1495 aligncenter\" src=\"https:\/\/www.ruralpergamino.org.ar\/site\/wp-content\/uploads\/2023\/06\/2005.jpg\" alt=\"\" width=\"200\" height=\"181\" \/><\/a><\/div><\/div> <!-- header --><\/div><\/div><div class=\"timeline-block \"><div class=\"timeline-dot\"><\/div><div class=\"ult-timeline-arrow\"><s><\/s><l><\/l><\/div><div class=\"timeline-icon-block\"><div class=\"ult-timeline-icon tl-icon-no-bg\" style=\"   \"><\/div> <!-- icon --><\/div><div class=\"timeline-header-block\" >\n\t\t\t\t\t\t\t<div id=\"timeline-item-9744\" class=\"timeline-header\" style=\"\"><h3 class=\"ult-timeline-title ult-responsive\"  data-ultimate-target='#timeline-item-9744 .ult-timeline-title'  data-responsive-json-new='{\"font-size\":\"\",\"line-height\":\"\"}'  style=\"\">2008<\/h3><div class=\"ult-responsive timeline-item-spt\"  data-ultimate-target='#timeline-item-9744 .timeline-item-spt'  data-responsive-json-new='{\"font-size\":\"\",\"line-height\":\"\"}'  style=\"\">En el mes de marzo apenas promulgada la Resoluci\u00f3n 125 la Rural de Pergamino hizo uno de los primeros cortes de ruta y marcha de protesta, comenzando as\u00ed una larga lucha a\u00fan no terminada.<\/p>\n<p><a class=\"dt-pswp-item\" href=\"https:\/\/www.ruralpergamino.org.ar\/site\/wp-content\/uploads\/2023\/06\/2008.jpg\" data-dt-img-description=\"\" data-large_image_width=\"200\" data-large_image_height=\"181\"><img loading=\"lazy\" decoding=\"async\" class=\"size-full wp-image-1496 aligncenter\" src=\"https:\/\/www.ruralpergamino.org.ar\/site\/wp-content\/uploads\/2023\/06\/2008.jpg\" alt=\"\" width=\"200\" height=\"181\" \/><\/a><\/div><\/div> <!-- header --><\/div><\/div><div class=\"timeline-block \"><div class=\"timeline-dot\"><\/div><div class=\"ult-timeline-arrow\"><s><\/s><l><\/l><\/div><div class=\"timeline-icon-block\"><div class=\"ult-timeline-icon tl-icon-no-bg\" style=\"   \"><\/div> <!-- icon --><\/div><div class=\"timeline-header-block\" >\n\t\t\t\t\t\t\t<div id=\"timeline-item-8556\" class=\"timeline-header\" style=\"\"><h3 class=\"ult-timeline-title ult-responsive\"  data-ultimate-target='#timeline-item-8556 .ult-timeline-title'  data-responsive-json-new='{\"font-size\":\"\",\"line-height\":\"\"}'  style=\"\">2009<\/h3><div class=\"ult-responsive timeline-item-spt\"  data-ultimate-target='#timeline-item-8556 .timeline-item-spt'  data-responsive-json-new='{\"font-size\":\"\",\"line-height\":\"\"}'  style=\"\">C\u00f3mo s\u00edmbolo de esta lucha em el primer aniversario del conflicto gobierno-campo, se plant\u00f3 un ceibo en nuestro predio y se procedi\u00f3 a entronizar una imagen de la Virgen del Lujan donada por una familia de nuestra Comunidad.<\/div><\/div> <!-- header --><\/div><\/div><\/div><div class=\"timeline-feature-item feat-item  \"><div class=\"feat-dot \"><div class=\"timeline-dot\"><\/div><\/div><div class=\"ult-timeline-arrow \"><s><\/s><l><\/l><\/div><div class=\"timeline-icon-block\"><div class=\"ult-timeline-icon tl-icon-no-bg\" style=\"   \"><\/div> <!-- icon --><\/div><div class=\"timeline-header-block\" >\n\t\t\t\t\t\t\t<div class=\"timeline-header\" id=\"timeline-featured-2484\"  style=\"\"><h3\n\t\t\t class=\"ult-timeline-title ult-responsive\"   data-ultimate-target='#timeline-featured-2484 .ult-timeline-title'  data-responsive-json-new='{\"font-size\":\"\",\"line-height\":\"\"}'  style=\"\">2011<\/h3><div class=\"ult-responsive custom-lht\"  data-ultimate-target='#timeline-featured-2484 .custom-lht'  data-responsive-json-new='{\"font-size\":\"\",\"line-height\":\"\"}'  style=\"\">Asume la Presidencia Pablo Sorasio, abriendo una renovaci\u00f3n generacional en la instituci\u00f3n, que vuelve hacer hincapi\u00e9 en la apertura a a comunidad, la importancia de la participaci\u00f3n gremial y el desarrollo de la producci\u00f3n.<br \/>\nEl mismo renueva la Presidencia en 2013 reforzando la participaci\u00f3n de le entidad en la agenda local y asumiendo nuevos desaf\u00edos gremiales. En 2015 es seguido por su Vice por dos mandatos, Alejandro Pedro Calder\u00f3n.<\/div><\/div> <!-- header --><\/div><\/div><div class=\"timeline-wrapper \"><\/div><\/div>[vc_empty_space][vc_text_separator title=\u00bbHISTORIAL DE PRESIDENTES\u00bb color=\u00bbgreen\u00bb][\/vc_column][\/vc_row][vc_row][vc_column][\/vc_column][\/vc_row][vc_row][vc_column]<div class=\"jstime timeline_preloader\" style=\"opacity:0;width:35px;margin:auto;margin-top:30px;\"><img decoding=\"async\" style=\"box-shadow:none;\" alt=\"timeline_pre_loader\" src=\"https:\/\/www.ruralpergamino.org.ar\/site\/wp-content\/plugins\/Ultimate_VC_Addons\/modules\/..\/assets\/img\/timeline_pre-loader.gif\" \/><\/div><div class=\"smile-icon-timeline-wrap jstime   \"     style=\"opacity:0; \"><div class=\"timeline-line \" style=\"border-right-color:;\"><span><\/span><\/div><div class=\"timeline-wrapper\"><div class=\"timeline-block \"><div class=\"timeline-dot\"><\/div><div class=\"ult-timeline-arrow\"><s><\/s><l><\/l><\/div><div class=\"timeline-icon-block\"><div class=\"ult-timeline-icon tl-icon-no-bg\" style=\"   \"><\/div> <!-- icon --><\/div><div class=\"timeline-header-block\" >\n\t\t\t\t\t\t\t<div id=\"timeline-item-3627\" class=\"timeline-header\" style=\"\"><h3 class=\"ult-timeline-title ult-responsive\"  data-ultimate-target='#timeline-item-3627 .ult-timeline-title'  data-responsive-json-new='{\"font-size\":\"\",\"line-height\":\"\"}'  style=\"\">1927 \u2013 1929<\/h3><div class=\"ult-responsive timeline-item-spt\"  data-ultimate-target='#timeline-item-3627 .timeline-item-spt'  data-responsive-json-new='{\"font-size\":\"\",\"line-height\":\"\"}'  style=\"\"><strong><span style=\"color: #0a7533;\">Edmundo Jos\u00e9 Hearne<\/span><\/strong><\/div><\/div> <!-- header --><\/div><\/div><div class=\"timeline-block \"><div class=\"timeline-dot\"><\/div><div class=\"ult-timeline-arrow\"><s><\/s><l><\/l><\/div><div class=\"timeline-icon-block\"><div class=\"ult-timeline-icon tl-icon-no-bg\" style=\"   \"><\/div> <!-- icon --><\/div><div class=\"timeline-header-block\" >\n\t\t\t\t\t\t\t<div id=\"timeline-item-3189\" class=\"timeline-header\" style=\"\"><h3 class=\"ult-timeline-title ult-responsive\"  data-ultimate-target='#timeline-item-3189 .ult-timeline-title'  data-responsive-json-new='{\"font-size\":\"\",\"line-height\":\"\"}'  style=\"\">1929 \u2013 1932<\/h3><div class=\"ult-responsive timeline-item-spt\"  data-ultimate-target='#timeline-item-3189 .timeline-item-spt'  data-responsive-json-new='{\"font-size\":\"\",\"line-height\":\"\"}'  style=\"\"><span style=\"color: #0a7533;\"><strong>Ernesto Echag\u00fce<\/strong><\/span><\/div><\/div> <!-- header --><\/div><\/div><div class=\"timeline-block \"><div class=\"timeline-dot\"><\/div><div class=\"ult-timeline-arrow\"><s><\/s><l><\/l><\/div><div class=\"timeline-icon-block\"><div class=\"ult-timeline-icon tl-icon-no-bg\" style=\"   \"><\/div> <!-- icon --><\/div><div class=\"timeline-header-block\" >\n\t\t\t\t\t\t\t<div id=\"timeline-item-1241\" class=\"timeline-header\" style=\"\"><h3 class=\"ult-timeline-title ult-responsive\"  data-ultimate-target='#timeline-item-1241 .ult-timeline-title'  data-responsive-json-new='{\"font-size\":\"\",\"line-height\":\"\"}'  style=\"\">1932 \u2013 1937<\/h3><div class=\"ult-responsive timeline-item-spt\"  data-ultimate-target='#timeline-item-1241 .timeline-item-spt'  data-responsive-json-new='{\"font-size\":\"\",\"line-height\":\"\"}'  style=\"\"><span style=\"color: #0a7533;\"><strong>Pedro Torres<\/strong><\/span><\/div><\/div> <!-- header --><\/div><\/div><div class=\"timeline-block \"><div class=\"timeline-dot\"><\/div><div class=\"ult-timeline-arrow\"><s><\/s><l><\/l><\/div><div class=\"timeline-icon-block\"><div class=\"ult-timeline-icon tl-icon-no-bg\" style=\"   \"><\/div> <!-- icon --><\/div><div class=\"timeline-header-block\" >\n\t\t\t\t\t\t\t<div id=\"timeline-item-8940\" class=\"timeline-header\" style=\"\"><h3 class=\"ult-timeline-title ult-responsive\"  data-ultimate-target='#timeline-item-8940 .ult-timeline-title'  data-responsive-json-new='{\"font-size\":\"\",\"line-height\":\"\"}'  style=\"\">1943 \u2013 1945<\/h3><div class=\"ult-responsive timeline-item-spt\"  data-ultimate-target='#timeline-item-8940 .timeline-item-spt'  data-responsive-json-new='{\"font-size\":\"\",\"line-height\":\"\"}'  style=\"\"><span style=\"color: #0a7533;\"><strong>Alberto Ferreyra<\/strong><\/span><\/div><\/div> <!-- header --><\/div><\/div><div class=\"timeline-block \"><div class=\"timeline-dot\"><\/div><div class=\"ult-timeline-arrow\"><s><\/s><l><\/l><\/div><div class=\"timeline-icon-block\"><div class=\"ult-timeline-icon tl-icon-no-bg\" style=\"   \"><\/div> <!-- icon --><\/div><div class=\"timeline-header-block\" >\n\t\t\t\t\t\t\t<div id=\"timeline-item-4490\" class=\"timeline-header\" style=\"\"><h3 class=\"ult-timeline-title ult-responsive\"  data-ultimate-target='#timeline-item-4490 .ult-timeline-title'  data-responsive-json-new='{\"font-size\":\"\",\"line-height\":\"\"}'  style=\"\">1945 \u2013 1947<\/h3><div class=\"ult-responsive timeline-item-spt\"  data-ultimate-target='#timeline-item-4490 .timeline-item-spt'  data-responsive-json-new='{\"font-size\":\"\",\"line-height\":\"\"}'  style=\"\"><span style=\"color: #0a7533;\"><strong>Pedro L\u00f3pez Godoy<\/strong><\/span><\/div><\/div> <!-- header --><\/div><\/div><div class=\"timeline-block \"><div class=\"timeline-dot\"><\/div><div class=\"ult-timeline-arrow\"><s><\/s><l><\/l><\/div><div class=\"timeline-icon-block\"><div class=\"ult-timeline-icon tl-icon-no-bg\" style=\"   \"><\/div> <!-- icon --><\/div><div class=\"timeline-header-block\" >\n\t\t\t\t\t\t\t<div id=\"timeline-item-1260\" class=\"timeline-header\" style=\"\"><h3 class=\"ult-timeline-title ult-responsive\"  data-ultimate-target='#timeline-item-1260 .ult-timeline-title'  data-responsive-json-new='{\"font-size\":\"\",\"line-height\":\"\"}'  style=\"\">1947 \u2013 1949<\/h3><div class=\"ult-responsive timeline-item-spt\"  data-ultimate-target='#timeline-item-1260 .timeline-item-spt'  data-responsive-json-new='{\"font-size\":\"\",\"line-height\":\"\"}'  style=\"\"><span style=\"color: #0a7533;\"><strong>Eduardo Bunge<\/strong><\/span><\/div><\/div> <!-- header --><\/div><\/div><div class=\"timeline-block \"><div class=\"timeline-dot\"><\/div><div class=\"ult-timeline-arrow\"><s><\/s><l><\/l><\/div><div class=\"timeline-icon-block\"><div class=\"ult-timeline-icon tl-icon-no-bg\" style=\"   \"><\/div> <!-- icon --><\/div><div class=\"timeline-header-block\" >\n\t\t\t\t\t\t\t<div id=\"timeline-item-2712\" class=\"timeline-header\" style=\"\"><h3 class=\"ult-timeline-title ult-responsive\"  data-ultimate-target='#timeline-item-2712 .ult-timeline-title'  data-responsive-json-new='{\"font-size\":\"\",\"line-height\":\"\"}'  style=\"\">1949 \u2013 1951<\/h3><div class=\"ult-responsive timeline-item-spt\"  data-ultimate-target='#timeline-item-2712 .timeline-item-spt'  data-responsive-json-new='{\"font-size\":\"\",\"line-height\":\"\"}'  style=\"\"><span style=\"color: #0a7533;\"><strong>Alberto Ferreira<\/strong><\/span><\/div><\/div> <!-- header --><\/div><\/div><div class=\"timeline-block \"><div class=\"timeline-dot\"><\/div><div class=\"ult-timeline-arrow\"><s><\/s><l><\/l><\/div><div class=\"timeline-icon-block\"><div class=\"ult-timeline-icon tl-icon-no-bg\" style=\"   \"><\/div> <!-- icon --><\/div><div class=\"timeline-header-block\" >\n\t\t\t\t\t\t\t<div id=\"timeline-item-5630\" class=\"timeline-header\" style=\"\"><h3 class=\"ult-timeline-title ult-responsive\"  data-ultimate-target='#timeline-item-5630 .ult-timeline-title'  data-responsive-json-new='{\"font-size\":\"\",\"line-height\":\"\"}'  style=\"\">1951 \u2013 1955<\/h3><div class=\"ult-responsive timeline-item-spt\"  data-ultimate-target='#timeline-item-5630 .timeline-item-spt'  data-responsive-json-new='{\"font-size\":\"\",\"line-height\":\"\"}'  style=\"\"><span style=\"color: #0a7533;\"><strong>Carlos Calder\u00f3n<\/strong><\/span><\/div><\/div> <!-- header --><\/div><\/div><div class=\"timeline-block \"><div class=\"timeline-dot\"><\/div><div class=\"ult-timeline-arrow\"><s><\/s><l><\/l><\/div><div class=\"timeline-icon-block\"><div class=\"ult-timeline-icon tl-icon-no-bg\" style=\"   \"><\/div> <!-- icon --><\/div><div class=\"timeline-header-block\" >\n\t\t\t\t\t\t\t<div id=\"timeline-item-6167\" class=\"timeline-header\" style=\"\"><h3 class=\"ult-timeline-title ult-responsive\"  data-ultimate-target='#timeline-item-6167 .ult-timeline-title'  data-responsive-json-new='{\"font-size\":\"\",\"line-height\":\"\"}'  style=\"\">1955 \u2013 1957<\/h3><div class=\"ult-responsive timeline-item-spt\"  data-ultimate-target='#timeline-item-6167 .timeline-item-spt'  data-responsive-json-new='{\"font-size\":\"\",\"line-height\":\"\"}'  style=\"\"><span style=\"color: #0a7533;\"><strong>Jos\u00e9 Merlino<\/strong><\/span><\/div><\/div> <!-- header --><\/div><\/div><div class=\"timeline-block \"><div class=\"timeline-dot\"><\/div><div class=\"ult-timeline-arrow\"><s><\/s><l><\/l><\/div><div class=\"timeline-icon-block\"><div class=\"ult-timeline-icon tl-icon-no-bg\" style=\"   \"><\/div> <!-- icon --><\/div><div class=\"timeline-header-block\" >\n\t\t\t\t\t\t\t<div id=\"timeline-item-6035\" class=\"timeline-header\" style=\"\"><h3 class=\"ult-timeline-title ult-responsive\"  data-ultimate-target='#timeline-item-6035 .ult-timeline-title'  data-responsive-json-new='{\"font-size\":\"\",\"line-height\":\"\"}'  style=\"\">1957 \u2013 1959<\/h3><div class=\"ult-responsive timeline-item-spt\"  data-ultimate-target='#timeline-item-6035 .timeline-item-spt'  data-responsive-json-new='{\"font-size\":\"\",\"line-height\":\"\"}'  style=\"\"><span style=\"color: #0a7533;\"><strong>Pedro Escarain<\/strong><\/span><\/div><\/div> <!-- header --><\/div><\/div><div class=\"timeline-block \"><div class=\"timeline-dot\"><\/div><div class=\"ult-timeline-arrow\"><s><\/s><l><\/l><\/div><div class=\"timeline-icon-block\"><div class=\"ult-timeline-icon tl-icon-no-bg\" style=\"   \"><\/div> <!-- icon --><\/div><div class=\"timeline-header-block\" >\n\t\t\t\t\t\t\t<div id=\"timeline-item-4340\" class=\"timeline-header\" style=\"\"><h3 class=\"ult-timeline-title ult-responsive\"  data-ultimate-target='#timeline-item-4340 .ult-timeline-title'  data-responsive-json-new='{\"font-size\":\"\",\"line-height\":\"\"}'  style=\"\">1959 \u2013 1961<\/h3><div class=\"ult-responsive timeline-item-spt\"  data-ultimate-target='#timeline-item-4340 .timeline-item-spt'  data-responsive-json-new='{\"font-size\":\"\",\"line-height\":\"\"}'  style=\"\"><span style=\"color: #0a7533;\"><strong>Leoncio Ryan<\/strong><\/span><\/div><\/div> <!-- header --><\/div><\/div><div class=\"timeline-block \"><div class=\"timeline-dot\"><\/div><div class=\"ult-timeline-arrow\"><s><\/s><l><\/l><\/div><div class=\"timeline-icon-block\"><div class=\"ult-timeline-icon tl-icon-no-bg\" style=\"   \"><\/div> <!-- icon --><\/div><div class=\"timeline-header-block\" >\n\t\t\t\t\t\t\t<div id=\"timeline-item-3664\" class=\"timeline-header\" style=\"\"><h3 class=\"ult-timeline-title ult-responsive\"  data-ultimate-target='#timeline-item-3664 .ult-timeline-title'  data-responsive-json-new='{\"font-size\":\"\",\"line-height\":\"\"}'  style=\"\">1961 \u2013 1967<\/h3><div class=\"ult-responsive timeline-item-spt\"  data-ultimate-target='#timeline-item-3664 .timeline-item-spt'  data-responsive-json-new='{\"font-size\":\"\",\"line-height\":\"\"}'  style=\"\"><span style=\"color: #0a7533;\"><strong>Juan Soulages<\/strong><\/span><\/div><\/div> <!-- header --><\/div><\/div><div class=\"timeline-block \"><div class=\"timeline-dot\"><\/div><div class=\"ult-timeline-arrow\"><s><\/s><l><\/l><\/div><div class=\"timeline-icon-block\"><div class=\"ult-timeline-icon tl-icon-no-bg\" style=\"   \"><\/div> <!-- icon --><\/div><div class=\"timeline-header-block\" >\n\t\t\t\t\t\t\t<div id=\"timeline-item-1012\" class=\"timeline-header\" style=\"\"><h3 class=\"ult-timeline-title ult-responsive\"  data-ultimate-target='#timeline-item-1012 .ult-timeline-title'  data-responsive-json-new='{\"font-size\":\"\",\"line-height\":\"\"}'  style=\"\">1967 \u2013 1971<\/h3><div class=\"ult-responsive timeline-item-spt\"  data-ultimate-target='#timeline-item-1012 .timeline-item-spt'  data-responsive-json-new='{\"font-size\":\"\",\"line-height\":\"\"}'  style=\"\"><span style=\"color: #0a7533;\"><strong>Argemiro Zurdo<\/strong><\/span><\/div><\/div> <!-- header --><\/div><\/div><div class=\"timeline-block \"><div class=\"timeline-dot\"><\/div><div class=\"ult-timeline-arrow\"><s><\/s><l><\/l><\/div><div class=\"timeline-icon-block\"><div class=\"ult-timeline-icon tl-icon-no-bg\" style=\"   \"><\/div> <!-- icon --><\/div><div class=\"timeline-header-block\" >\n\t\t\t\t\t\t\t<div id=\"timeline-item-1035\" class=\"timeline-header\" style=\"\"><h3 class=\"ult-timeline-title ult-responsive\"  data-ultimate-target='#timeline-item-1035 .ult-timeline-title'  data-responsive-json-new='{\"font-size\":\"\",\"line-height\":\"\"}'  style=\"\">1971 \u2013 1979<\/h3><div class=\"ult-responsive timeline-item-spt\"  data-ultimate-target='#timeline-item-1035 .timeline-item-spt'  data-responsive-json-new='{\"font-size\":\"\",\"line-height\":\"\"}'  style=\"\"><span style=\"color: #0a7533;\"><strong>Jorge Villanueva<\/strong><\/span><\/div><\/div> <!-- header --><\/div><\/div><div class=\"timeline-block \"><div class=\"timeline-dot\"><\/div><div class=\"ult-timeline-arrow\"><s><\/s><l><\/l><\/div><div class=\"timeline-icon-block\"><div class=\"ult-timeline-icon tl-icon-no-bg\" style=\"   \"><\/div> <!-- icon --><\/div><div class=\"timeline-header-block\" >\n\t\t\t\t\t\t\t<div id=\"timeline-item-2327\" class=\"timeline-header\" style=\"\"><h3 class=\"ult-timeline-title ult-responsive\"  data-ultimate-target='#timeline-item-2327 .ult-timeline-title'  data-responsive-json-new='{\"font-size\":\"\",\"line-height\":\"\"}'  style=\"\">1979 \u2013 1983<\/h3><div class=\"ult-responsive timeline-item-spt\"  data-ultimate-target='#timeline-item-2327 .timeline-item-spt'  data-responsive-json-new='{\"font-size\":\"\",\"line-height\":\"\"}'  style=\"\"><span style=\"color: #0a7533;\"><strong>C\u00e1ndido Ordo\u00f1ez<\/strong><\/span><\/div><\/div> <!-- header --><\/div><\/div><div class=\"timeline-block \"><div class=\"timeline-dot\"><\/div><div class=\"ult-timeline-arrow\"><s><\/s><l><\/l><\/div><div class=\"timeline-icon-block\"><div class=\"ult-timeline-icon tl-icon-no-bg\" style=\"   \"><\/div> <!-- icon --><\/div><div class=\"timeline-header-block\" >\n\t\t\t\t\t\t\t<div id=\"timeline-item-4741\" class=\"timeline-header\" style=\"\"><h3 class=\"ult-timeline-title ult-responsive\"  data-ultimate-target='#timeline-item-4741 .ult-timeline-title'  data-responsive-json-new='{\"font-size\":\"\",\"line-height\":\"\"}'  style=\"\">1983 \u2013 1987<\/h3><div class=\"ult-responsive timeline-item-spt\"  data-ultimate-target='#timeline-item-4741 .timeline-item-spt'  data-responsive-json-new='{\"font-size\":\"\",\"line-height\":\"\"}'  style=\"\"><span style=\"color: #0a7533;\"><strong>Carlos Biscayart<\/strong><\/span><\/div><\/div> <!-- header --><\/div><\/div><div class=\"timeline-block \"><div class=\"timeline-dot\"><\/div><div class=\"ult-timeline-arrow\"><s><\/s><l><\/l><\/div><div class=\"timeline-icon-block\"><div class=\"ult-timeline-icon tl-icon-no-bg\" style=\"   \"><\/div> <!-- icon --><\/div><div class=\"timeline-header-block\" >\n\t\t\t\t\t\t\t<div id=\"timeline-item-6580\" class=\"timeline-header\" style=\"\"><h3 class=\"ult-timeline-title ult-responsive\"  data-ultimate-target='#timeline-item-6580 .ult-timeline-title'  data-responsive-json-new='{\"font-size\":\"\",\"line-height\":\"\"}'  style=\"\">1987 \u2013 1997<\/h3><div class=\"ult-responsive timeline-item-spt\"  data-ultimate-target='#timeline-item-6580 .timeline-item-spt'  data-responsive-json-new='{\"font-size\":\"\",\"line-height\":\"\"}'  style=\"\"><span style=\"color: #0a7533;\"><strong>Alberto Jacquelin<\/strong><\/span><\/div><\/div> <!-- header --><\/div><\/div><div class=\"timeline-block \"><div class=\"timeline-dot\"><\/div><div class=\"ult-timeline-arrow\"><s><\/s><l><\/l><\/div><div class=\"timeline-icon-block\"><div class=\"ult-timeline-icon tl-icon-no-bg\" style=\"   \"><\/div> <!-- icon --><\/div><div class=\"timeline-header-block\" >\n\t\t\t\t\t\t\t<div id=\"timeline-item-1074\" class=\"timeline-header\" style=\"\"><h3 class=\"ult-timeline-title ult-responsive\"  data-ultimate-target='#timeline-item-1074 .ult-timeline-title'  data-responsive-json-new='{\"font-size\":\"\",\"line-height\":\"\"}'  style=\"\">1997 \u2013 2001<\/h3><div class=\"ult-responsive timeline-item-spt\"  data-ultimate-target='#timeline-item-1074 .timeline-item-spt'  data-responsive-json-new='{\"font-size\":\"\",\"line-height\":\"\"}'  style=\"\"><span style=\"color: #0a7533;\"><strong>Mart\u00edn Biscayart<\/strong><\/span><\/div><\/div> <!-- header --><\/div><\/div><div class=\"timeline-block \"><div class=\"timeline-dot\"><\/div><div class=\"ult-timeline-arrow\"><s><\/s><l><\/l><\/div><div class=\"timeline-icon-block\"><div class=\"ult-timeline-icon tl-icon-no-bg\" style=\"   \"><\/div> <!-- icon --><\/div><div class=\"timeline-header-block\" >\n\t\t\t\t\t\t\t<div id=\"timeline-item-7982\" class=\"timeline-header\" style=\"\"><h3 class=\"ult-timeline-title ult-responsive\"  data-ultimate-target='#timeline-item-7982 .ult-timeline-title'  data-responsive-json-new='{\"font-size\":\"\",\"line-height\":\"\"}'  style=\"\">2001 \u2013 2005<\/h3><div class=\"ult-responsive timeline-item-spt\"  data-ultimate-target='#timeline-item-7982 .timeline-item-spt'  data-responsive-json-new='{\"font-size\":\"\",\"line-height\":\"\"}'  style=\"\"><span style=\"color: #0a7533;\"><strong>Javier Jayo Ordoqui<\/strong><\/span><\/div><\/div> <!-- header --><\/div><\/div><div class=\"timeline-block \"><div class=\"timeline-dot\"><\/div><div class=\"ult-timeline-arrow\"><s><\/s><l><\/l><\/div><div class=\"timeline-icon-block\"><div class=\"ult-timeline-icon tl-icon-no-bg\" style=\"   \"><\/div> <!-- icon --><\/div><div class=\"timeline-header-block\" >\n\t\t\t\t\t\t\t<div id=\"timeline-item-9701\" class=\"timeline-header\" style=\"\"><h3 class=\"ult-timeline-title ult-responsive\"  data-ultimate-target='#timeline-item-9701 .ult-timeline-title'  data-responsive-json-new='{\"font-size\":\"\",\"line-height\":\"\"}'  style=\"\">2005 \u2013 2011<\/h3><div class=\"ult-responsive timeline-item-spt\"  data-ultimate-target='#timeline-item-9701 .timeline-item-spt'  data-responsive-json-new='{\"font-size\":\"\",\"line-height\":\"\"}'  style=\"\"><span style=\"color: #0a7533;\"><strong>Roberto Campi<\/strong><\/span><\/div><\/div> <!-- header --><\/div><\/div><div class=\"timeline-block \"><div class=\"timeline-dot\"><\/div><div class=\"ult-timeline-arrow\"><s><\/s><l><\/l><\/div><div class=\"timeline-icon-block\"><div class=\"ult-timeline-icon tl-icon-no-bg\" style=\"   \"><\/div> <!-- icon --><\/div><div class=\"timeline-header-block\" >\n\t\t\t\t\t\t\t<div id=\"timeline-item-7858\" class=\"timeline-header\" style=\"\"><h3 class=\"ult-timeline-title ult-responsive\"  data-ultimate-target='#timeline-item-7858 .ult-timeline-title'  data-responsive-json-new='{\"font-size\":\"\",\"line-height\":\"\"}'  style=\"\">2011- 2015<\/h3><div class=\"ult-responsive timeline-item-spt\"  data-ultimate-target='#timeline-item-7858 .timeline-item-spt'  data-responsive-json-new='{\"font-size\":\"\",\"line-height\":\"\"}'  style=\"\"><span style=\"color: #0a7533;\"><strong>Pablo Sorasio<\/strong><\/span><\/div><\/div> <!-- header --><\/div><\/div><div class=\"timeline-block \"><div class=\"timeline-dot\"><\/div><div class=\"ult-timeline-arrow\"><s><\/s><l><\/l><\/div><div class=\"timeline-icon-block\"><div class=\"ult-timeline-icon tl-icon-no-bg\" style=\"   \"><\/div> <!-- icon --><\/div><div class=\"timeline-header-block\" >\n\t\t\t\t\t\t\t<div id=\"timeline-item-7804\" class=\"timeline-header\" style=\"\"><h3 class=\"ult-timeline-title ult-responsive\"  data-ultimate-target='#timeline-item-7804 .ult-timeline-title'  data-responsive-json-new='{\"font-size\":\"\",\"line-height\":\"\"}'  style=\"\">2015-2019<\/h3><div class=\"ult-responsive timeline-item-spt\"  data-ultimate-target='#timeline-item-7804 .timeline-item-spt'  data-responsive-json-new='{\"font-size\":\"\",\"line-height\":\"\"}'  style=\"\"><span style=\"color: #0a7533;\"><strong>Alejandro Pedro Calder\u00f3n<\/strong><\/span><\/div><\/div> <!-- header --><\/div><\/div><div class=\"timeline-block \"><div class=\"timeline-dot\"><\/div><div class=\"ult-timeline-arrow\"><s><\/s><l><\/l><\/div><div class=\"timeline-icon-block\"><div class=\"ult-timeline-icon tl-icon-no-bg\" style=\"   \"><\/div> <!-- icon --><\/div><div class=\"timeline-header-block\" >\n\t\t\t\t\t\t\t<div id=\"timeline-item-3498\" class=\"timeline-header\" style=\"\"><h3 class=\"ult-timeline-title ult-responsive\"  data-ultimate-target='#timeline-item-3498 .ult-timeline-title'  data-responsive-json-new='{\"font-size\":\"\",\"line-height\":\"\"}'  style=\"\">2019-2023<\/h3><div class=\"ult-responsive timeline-item-spt\"  data-ultimate-target='#timeline-item-3498 .timeline-item-spt'  data-responsive-json-new='{\"font-size\":\"\",\"line-height\":\"\"}'  style=\"\"><span style=\"color: #0a7533;\"><strong>Alejandro Pedro Calder\u00f3n<\/strong><\/span><\/div><\/div> <!-- header --><\/div><\/div><div class=\"timeline-block \"><div class=\"timeline-dot\"><\/div><div class=\"ult-timeline-arrow\"><s><\/s><l><\/l><\/div><div class=\"timeline-icon-block\"><div class=\"ult-timeline-icon tl-icon-no-bg\" style=\"   \"><\/div> <!-- icon --><\/div><div class=\"timeline-header-block\" >\n\t\t\t\t\t\t\t<div id=\"timeline-item-1075\" class=\"timeline-header\" style=\"\"><h3 class=\"ult-timeline-title ult-responsive\"  data-ultimate-target='#timeline-item-1075 .ult-timeline-title'  data-responsive-json-new='{\"font-size\":\"\",\"line-height\":\"\"}'  style=\"\">2019-2023<\/h3><div class=\"ult-responsive timeline-item-spt\"  data-ultimate-target='#timeline-item-1075 .timeline-item-spt'  data-responsive-json-new='{\"font-size\":\"\",\"line-height\":\"\"}'  style=\"\"><span style=\"color: #0a7533;\"><strong>Jorge Pablo Josifovich<\/strong><\/span><\/div><\/div> <!-- header --><\/div><\/div><\/div><div class=\"timeline-feature-item feat-item  \"><div class=\"feat-dot \"><div class=\"timeline-dot\"><\/div><\/div><div class=\"ult-timeline-arrow \"><s><\/s><l><\/l><\/div><div class=\"timeline-icon-block\"><div class=\"ult-timeline-icon tl-icon-no-bg\" style=\"   \"><\/div> <!-- icon --><\/div><div class=\"timeline-header-block\" >\n\t\t\t\t\t\t\t<div class=\"timeline-header\" id=\"timeline-featured-7684\"  style=\"\"><h3\n\t\t\t class=\"ult-timeline-title ult-responsive\"   data-ultimate-target='#timeline-featured-7684 .ult-timeline-title'  data-responsive-json-new='{\"font-size\":\"\",\"line-height\":\"\"}'  style=\"\">Actual<\/h3><div class=\"ult-responsive custom-lht\"  data-ultimate-target='#timeline-featured-7684 .custom-lht'  data-responsive-json-new='{\"font-size\":\"\",\"line-height\":\"\"}'  style=\"\"><span style=\"color: #0a7533;\"><strong>Pedro Jacquel\u00edn<\/strong><\/span><\/div><\/div> <!-- header --><\/div><\/div><div class=\"timeline-wrapper \"><\/div><\/div>[\/vc_column][\/vc_row]<\/p>\n<\/div>","protected":false},"excerpt":{"rendered":"<p>[vc_row][vc_column][vc_empty_space][vc_column_text]La Sociedad Rural de Pergamino fue fundada el 23 de abril de 1927 por un grupo de 36 productores agropecuarios que decidieron nuclearse para enfrentar la crisis que se insinuaba a nivel internacional, a causa de la superproducci\u00f3n agr\u00edcola que se produjo despu\u00e9s de la Primera Guerra Mundial y dio lugar a la llamada Gran&hellip;<\/p>\n","protected":false},"author":2,"featured_media":0,"parent":0,"menu_order":0,"comment_status":"closed","ping_status":"closed","template":"","meta":{"footnotes":""},"class_list":["post-124","page","type-page","status-publish","hentry","description-off"],"_links":{"self":[{"href":"https:\/\/www.ruralpergamino.org.ar\/site\/wp-json\/wp\/v2\/pages\/124","targetHints":{"allow":["GET"]}}],"collection":[{"href":"https:\/\/www.ruralpergamino.org.ar\/site\/wp-json\/wp\/v2\/pages"}],"about":[{"href":"https:\/\/www.ruralpergamino.org.ar\/site\/wp-json\/wp\/v2\/types\/page"}],"author":[{"embeddable":true,"href":"https:\/\/www.ruralpergamino.org.ar\/site\/wp-json\/wp\/v2\/users\/2"}],"replies":[{"embeddable":true,"href":"https:\/\/www.ruralpergamino.org.ar\/site\/wp-json\/wp\/v2\/comments?post=124"}],"version-history":[{"count":44,"href":"https:\/\/www.ruralpergamino.org.ar\/site\/wp-json\/wp\/v2\/pages\/124\/revisions"}],"predecessor-version":[{"id":1506,"href":"https:\/\/www.ruralpergamino.org.ar\/site\/wp-json\/wp\/v2\/pages\/124\/revisions\/1506"}],"wp:attachment":[{"href":"https:\/\/www.ruralpergamino.org.ar\/site\/wp-json\/wp\/v2\/media?parent=124"}],"curies":[{"name":"wp","href":"https:\/\/api.w.org\/{rel}","templated":true}]}}