{"id":13,"date":"2022-04-20T18:12:39","date_gmt":"2022-04-20T18:12:39","guid":{"rendered":"https:\/\/www.ruralpergamino.org.ar\/site\/?page_id=13"},"modified":"2025-09-18T13:48:43","modified_gmt":"2025-09-18T16:48:43","slug":"inicio","status":"publish","type":"page","link":"https:\/\/www.ruralpergamino.org.ar\/site\/","title":{"rendered":"Inicio"},"content":{"rendered":"<div class=\"wpb-content-wrapper\"><p>[vc_row full_width=\u00bbstretch_row_content_no_spaces\u00bb css=\u00bb.vc_custom_1720790941460{margin-top: -50px !important;}\u00bb][vc_column][vc_single_image image=\u00bb1767&#8243; img_size=\u00bbfull\u00bb alignment=\u00bbcenter\u00bb css=\u00bb\u00bb][\/vc_column][\/vc_row][vc_row][vc_column width=\u00bb3\/4&#8243;][vc_text_separator title=\u00bbNOTICIAS DESTACADAS\u00bb color=\u00bbcustom\u00bb accent_color=\u00bb#007431&#8243;]<div class=\"wppm wppm-card s1 owl-wrap posts-slider clearfix wppm_custom_css_1\" data-params='{\"items\":\"3\",\"loop\":\"false\",\"margin\":\"24\",\"margin_mobile\":\"16\",\"autoplay\":\"true\",\"timeout\":\"5000\",\"autoheight\":\"false\",\"nav\":\"true\",\"dots\":\"false\",\"speed\":\"300\",\"animatein\":\"\",\"animateout\":\"\",\"stagepadding\":\"0\"}'><div class=\"owl-carousel owl-loading\" id=\"slider-168894\"><article id=\"post-1926\" class=\"wppm-post 1926 post-1926 post type-post status-publish format-standard has-post-thumbnail hentry category-comunicados-de-prensa category-noticias-destacadas category-14 category-9 description-off content-bl overlay-scrim show-always img-none first-grid\"><div class=\"post-img\"><a href=\"https:\/\/www.ruralpergamino.org.ar\/site\/pergamino-vivio-su-primera-fiesta-del-domador-con-la-mansedumbre-como-bandera\/\" title=\"Pergamino vivi\u00f3 su primera fiesta del domador con la mansedumbre como bandera\"><img decoding=\"async\" class=\"wppm-img\" src=\"https:\/\/www.ruralpergamino.org.ar\/site\/wp-content\/uploads\/bfi_thumb\/Primera-mansedumbre-7n6644omd94gb6ord3xqamnb5052bwse75ecabmrdqo.png\" alt=\"Pergamino vivi\u00f3 su primera fiesta del domador con la mansedumbre como bandera\" title=\"Pergamino vivi\u00f3 su primera fiesta del domador con la mansedumbre como bandera\"\/><\/a><\/div><div class=\"post-content\"><h2 class=\"entry-title fs-14 fw-900\"><a href=\"https:\/\/www.ruralpergamino.org.ar\/site\/pergamino-vivio-su-primera-fiesta-del-domador-con-la-mansedumbre-como-bandera\/\" title=\"Pergamino vivi\u00f3 su primera fiesta del domador con la mansedumbre como bandera\">Pergamino vivi\u00f3 su primera fiesta del domador con la mansedumbre como bandera<\/a><\/h2><aside class=\"meta-row row-3\"><div class=\"meta-col\"><ul class=\"entry-meta\"><li class=\"post-time schema-only\"><time class=\"entry-date updated\" datetime=\"2026-02-03T12:30:49-03:00\">3 febrero, 2026<\/time><\/li><li class=\"post-author schema-only\"><span class=\"screen-reader-text\">Author<\/span><a href=\"https:\/\/www.ruralpergamino.org.ar\/site\/author\/joaper2022\/\"><span class=\"vcard author JOAper2022\"><span class=\"fn\">JOAper2022<\/span><\/span><\/a><\/li><\/ul><\/div><\/aside><\/div><\/article><article id=\"post-1922\" class=\"wppm-post 1922 post-1922 post type-post status-publish format-standard has-post-thumbnail hentry category-comunicados-de-prensa category-noticias-destacadas category-14 category-9 description-off content-bl overlay-scrim show-always img-none\"><div class=\"post-img\"><a href=\"https:\/\/www.ruralpergamino.org.ar\/site\/1-prueba-de-mansedumbre-pergamino-se-prepara-para-un-evento-inedito\/\" title=\"1\u00b0 Prueba de Mansedumbre: Pergamino se prepara para un evento in\u00e9dito\"><img decoding=\"async\" class=\"wppm-img\" src=\"https:\/\/www.ruralpergamino.org.ar\/site\/wp-content\/uploads\/bfi_thumb\/Amilcar-Evento-7n2bud8n3c9x9axy7zzowv03tx4bbcj0uui1fsnk8r4.jpg\" alt=\"1\u00b0 Prueba de Mansedumbre: Pergamino se prepara para un evento in\u00e9dito\" title=\"1\u00b0 Prueba de Mansedumbre: Pergamino se prepara para un evento in\u00e9dito\"\/><\/a><\/div><div class=\"post-content\"><h2 class=\"entry-title fs-14 fw-900\"><a href=\"https:\/\/www.ruralpergamino.org.ar\/site\/1-prueba-de-mansedumbre-pergamino-se-prepara-para-un-evento-inedito\/\" title=\"1\u00b0 Prueba de Mansedumbre: Pergamino se prepara para un evento in\u00e9dito\">1\u00b0 Prueba de Mansedumbre: Pergamino se prepara para un evento in\u00e9dito<\/a><\/h2><aside class=\"meta-row row-3\"><div class=\"meta-col\"><ul class=\"entry-meta\"><li class=\"post-time schema-only\"><time class=\"entry-date updated\" datetime=\"2026-01-26T13:51:53-03:00\">26 enero, 2026<\/time><\/li><li class=\"post-author schema-only\"><span class=\"screen-reader-text\">Author<\/span><a href=\"https:\/\/www.ruralpergamino.org.ar\/site\/author\/joaper2022\/\"><span class=\"vcard author JOAper2022\"><span class=\"fn\">JOAper2022<\/span><\/span><\/a><\/li><\/ul><\/div><\/aside><\/div><\/article><article id=\"post-1912\" class=\"wppm-post 1912 post-1912 post type-post status-publish format-standard has-post-thumbnail hentry category-agropecuarias category-noticias-destacadas category-11 category-9 description-off content-bl overlay-scrim show-always img-none\"><div class=\"post-img\"><a href=\"https:\/\/www.ruralpergamino.org.ar\/site\/el-siasgo-tricampeon-del-abierto-argentino-de-pato\/\" title=\"El Siasgo tricampe\u00f3n del Abierto Argentino de Pato\"><img decoding=\"async\" class=\"wppm-img\" src=\"https:\/\/www.ruralpergamino.org.ar\/site\/wp-content\/uploads\/bfi_thumb\/Pato-Campeon-1-7mhxd40drxiszo4ct6d3vbxar8xg6ron841qotta3bk.png\" alt=\"El Siasgo tricampe\u00f3n del Abierto Argentino de Pato\" title=\"El Siasgo tricampe\u00f3n del Abierto Argentino de Pato\"\/><\/a><\/div><div class=\"post-content\"><h2 class=\"entry-title fs-14 fw-900\"><a href=\"https:\/\/www.ruralpergamino.org.ar\/site\/el-siasgo-tricampeon-del-abierto-argentino-de-pato\/\" title=\"El Siasgo tricampe\u00f3n del Abierto Argentino de Pato\">El Siasgo tricampe\u00f3n del Abierto Argentino de Pato<\/a><\/h2><aside class=\"meta-row row-3\"><div class=\"meta-col\"><ul class=\"entry-meta\"><li class=\"post-time schema-only\"><time class=\"entry-date updated\" datetime=\"2025-12-15T09:07:10-03:00\">15 diciembre, 2025<\/time><\/li><li class=\"post-author schema-only\"><span class=\"screen-reader-text\">Author<\/span><a href=\"https:\/\/www.ruralpergamino.org.ar\/site\/author\/joaper2022\/\"><span class=\"vcard author JOAper2022\"><span class=\"fn\">JOAper2022<\/span><\/span><\/a><\/li><\/ul><\/div><\/aside><\/div><\/article><\/div><\/div>[\/vc_column][vc_column width=\u00bb1\/4&#8243;][vc_video link=\u00bbhttps:\/\/www.youtube.com\/watch?v=o_GeZQDaiNo&amp;t=1s\u00bb]<div class=\"shortcode-banner shortcode-banner-link\" style=\"min-height: 100px;background-image: url(https:\/\/www.ruralpergamino.org.ar\/site\/wp-content\/uploads\/2022\/07\/Alquiler-de-espacios.jpg)\" onclick=\"window.location.href='https:\/\/www.ruralpergamino.org.ar\/site\/alquiler-de-salones\/';\"><div class=\"shortcode-banner-bg wf-table\" style=\"padding: 10px;min-height: 100px\"><div class=\"shortcode-banner-inside wf-table text-big\" style=\"background-color: rgb(0,0,0);background-color: rgba(0,0,0,0.4);border: solid 10px transparent;outline: solid 3px;outline-color: #ffffff;height: 90px\"><div><p style=\"text-align: center;\"><span style=\"color: #ffffff;\"><strong>Alquiler de Salones<\/strong><\/span><\/p>\n<\/div><\/div><\/div><\/div>[\/vc_column][\/vc_row][vc_row][vc_column][vc_empty_space][\/vc_column][\/vc_row][vc_row][vc_column width=\u00bb1\/3&#8243;][vc_tta_accordion color=\u00bbgreen\u00bb active_section=\u00bb1&#8243; css=\u00bb.vc_custom_1658591619419{background-color: #0a7533 !important;}\u00bb][vc_tta_section title=\u00bbAgropecuarias\u00bb tab_id=\u00bb1657064896196-0418e8b0-306c\u00bb]<div class=\"wppm wppm-list columns-1 gutter-24 list-gutter-24 split-25-75 circle-img content-border wppm_custom_css_2\"><div id=\"post-477\" class=\"wppm-post 477 post-477 post type-post status-publish format-standard has-post-thumbnail hentry category-agropecuarias category-noticias-destacadas category-11 category-9 description-off\"><div class=\"post-img-wrap\"><div class=\"post-img\"><a href=\"https:\/\/www.ruralpergamino.org.ar\/site\/tras-20-anos-volvera-una-importacion-desde-el-reino-unido\/\" title=\"Tras 20 a\u00f1os, volver\u00e1 una importaci\u00f3n desde el Reino Unido.\"><img decoding=\"async\" class=\"wppm-img\" src=\"https:\/\/www.ruralpergamino.org.ar\/site\/wp-content\/uploads\/bfi_thumb\/ingreso-de-genetica-ovina-75lghv8iqb8984j1le9gt9zrrh3d0magtkldd3zyic0.jpg\" alt=\"Tras 20 a\u00f1os, volver\u00e1 una importaci\u00f3n desde el Reino Unido.\" title=\"Tras 20 a\u00f1os, volver\u00e1 una importaci\u00f3n desde el Reino Unido.\"\/><\/a><\/div><\/div><div class=\"post-content\"><h2 class=\"entry-title fs-14 fw-900\"><a href=\"https:\/\/www.ruralpergamino.org.ar\/site\/tras-20-anos-volvera-una-importacion-desde-el-reino-unido\/\" title=\"Tras 20 a\u00f1os, volver\u00e1 una importaci\u00f3n desde el Reino Unido.\">Tras 20 a\u00f1os, volver\u00e1 una importaci\u00f3n desde el Reino Unido.<\/a><\/h2><aside class=\"meta-row row-3\"><div class=\"meta-col\"><ul class=\"entry-meta\"><li class=\"post-time schema-only\"><time class=\"entry-date updated\" datetime=\"2021-04-24T02:10:50-03:00\">24 abril, 2021<\/time><\/li><li class=\"post-author schema-only\"><span class=\"screen-reader-text\">Author<\/span><a href=\"https:\/\/www.ruralpergamino.org.ar\/site\/author\/c1891491\/\"><span class=\"vcard author c1891491\"><span class=\"fn\">c1891491<\/span><\/span><\/a><\/li><\/ul><\/div><\/aside><\/div><\/div><div id=\"post-534\" class=\"wppm-post 534 post-534 post type-post status-publish format-standard has-post-thumbnail hentry category-agropecuarias category-comunicados-de-prensa category-11 category-14 description-off\"><div class=\"post-img-wrap\"><div class=\"post-img\"><a href=\"https:\/\/www.ruralpergamino.org.ar\/site\/el-precio-de-los-alimentos-sube-casi-tres-veces-mas-en-argentina-que-en-los-paises-vecinos-porque-no-se-combate-adecuadamente-la-inflacion\/\" title=\"El precio de los alimentos sube casi tres veces m\u00e1s en Argentina que en los pa\u00edses vecinos, porque no se combate adecuadamente la inflaci\u00f3n\"><img decoding=\"async\" class=\"wppm-img\" src=\"https:\/\/www.ruralpergamino.org.ar\/site\/wp-content\/uploads\/bfi_thumb\/El-precio-de-los-alimentos-sube-casi-tres-veces-mas-en-Argentina-que-en-los-paises-vecinos-porque-no-se-combate-adecuadamente-la-inflacion-75lwhi904f8hz71pljwdsom2yd69ky7e6pzj2t5qn2o.jpg\" alt=\"El precio de los alimentos sube casi tres veces m\u00e1s en Argentina que en los pa\u00edses vecinos, porque no se combate adecuadamente la inflaci\u00f3n\" title=\"El precio de los alimentos sube casi tres veces m\u00e1s en Argentina que en los pa\u00edses vecinos, porque no se combate adecuadamente la inflaci\u00f3n\"\/><\/a><\/div><\/div><div class=\"post-content\"><h2 class=\"entry-title fs-14 fw-900\"><a href=\"https:\/\/www.ruralpergamino.org.ar\/site\/el-precio-de-los-alimentos-sube-casi-tres-veces-mas-en-argentina-que-en-los-paises-vecinos-porque-no-se-combate-adecuadamente-la-inflacion\/\" title=\"El precio de los alimentos sube casi tres veces m\u00e1s en Argentina que en los pa\u00edses vecinos, porque no se combate adecuadamente la inflaci\u00f3n\">El precio de los alimentos sube casi tres veces m\u00e1s en Argentina que en los pa\u00edses vecinos, porque no se combate adecuadamente la inflaci\u00f3n<\/a><\/h2><aside class=\"meta-row row-3\"><div class=\"meta-col\"><ul class=\"entry-meta\"><li class=\"post-time schema-only\"><time class=\"entry-date updated\" datetime=\"2022-04-20T00:13:14-03:00\">20 abril, 2022<\/time><\/li><li class=\"post-author schema-only\"><span class=\"screen-reader-text\">Author<\/span><a href=\"https:\/\/www.ruralpergamino.org.ar\/site\/author\/c1891491\/\"><span class=\"vcard author c1891491\"><span class=\"fn\">c1891491<\/span><\/span><\/a><\/li><\/ul><\/div><\/aside><\/div><\/div><div id=\"post-1367\" class=\"wppm-post 1367 post-1367 post type-post status-publish format-standard has-post-thumbnail hentry category-agropecuarias category-comunicados-de-prensa category-noticias-destacadas category-11 category-14 category-9 description-off\"><div class=\"post-img-wrap\"><div class=\"post-img\"><a href=\"https:\/\/www.ruralpergamino.org.ar\/site\/partido-de-pergamino-estimacion-de-perdida-por-la-sequia-2022-2023\/\" title=\"Informe Estimaci\u00f3n de P\u00e9rdida por la Sequ\u00eda 2022\/2023 en el Partido de Pergamino\"><img decoding=\"async\" class=\"wppm-img\" src=\"https:\/\/www.ruralpergamino.org.ar\/site\/wp-content\/uploads\/bfi_thumb\/Sequia-golpea-campo-argentino-y-baja-expectativa-crecimiento-75pbsriio5kt63810c28p8ajh8710hiz4c7ciy50pxs.jpg\" alt=\"Informe Estimaci\u00f3n de P\u00e9rdida por la Sequ\u00eda 2022\/2023 en el Partido de Pergamino\" title=\"Informe Estimaci\u00f3n de P\u00e9rdida por la Sequ\u00eda 2022\/2023 en el Partido de Pergamino\"\/><\/a><\/div><\/div><div class=\"post-content\"><h2 class=\"entry-title fs-14 fw-900\"><a href=\"https:\/\/www.ruralpergamino.org.ar\/site\/partido-de-pergamino-estimacion-de-perdida-por-la-sequia-2022-2023\/\" title=\"Informe Estimaci\u00f3n de P\u00e9rdida por la Sequ\u00eda 2022\/2023 en el Partido de Pergamino\">Informe Estimaci\u00f3n de P\u00e9rdida por la Sequ\u00eda 2022\/2023 en el Partido de Pergamino<\/a><\/h2><aside class=\"meta-row row-3\"><div class=\"meta-col\"><ul class=\"entry-meta\"><li class=\"post-time schema-only\"><time class=\"entry-date updated\" datetime=\"2023-01-16T15:51:43-03:00\">16 enero, 2023<\/time><\/li><li class=\"post-author schema-only\"><span class=\"screen-reader-text\">Author<\/span><a href=\"https:\/\/www.ruralpergamino.org.ar\/site\/author\/joaper2022\/\"><span class=\"vcard author JOAper2022\"><span class=\"fn\">JOAper2022<\/span><\/span><\/a><\/li><\/ul><\/div><\/aside><\/div><\/div><\/div>[\/vc_tta_section][vc_tta_section title=\u00bbGenerales\u00bb tab_id=\u00bb1657064896237-26025d03-22ce\u00bb]<div class=\"wppm wppm-list columns-1 gutter-24 list-gutter-24 split-25-75 circle-img content-border wppm_custom_css_3\"><div id=\"post-1659\" class=\"wppm-post 1659 post-1659 post type-post status-publish format-standard has-post-thumbnail hentry category-comunicados-de-prensa category-generales category-noticias-destacadas category-14 category-12 category-9 description-off\"><div class=\"post-img-wrap\"><div class=\"post-img\"><a href=\"https:\/\/www.ruralpergamino.org.ar\/site\/la-provincia-saqueada-no-nos-pasen-la-cuenta\/\" title=\"La Provincia saqueada, no nos pasen la cuenta\"><img decoding=\"async\" class=\"wppm-img\" src=\"https:\/\/www.ruralpergamino.org.ar\/site\/wp-content\/uploads\/bfi_thumb\/comunicado-web-799rzw3zsf02jvme1n91n2k76y725mv4lx4o7gqlt1s.jpg\" alt=\"La Provincia saqueada, no nos pasen la cuenta\" title=\"La Provincia saqueada, no nos pasen la cuenta\"\/><\/a><\/div><\/div><div class=\"post-content\"><h2 class=\"entry-title fs-14 fw-900\"><a href=\"https:\/\/www.ruralpergamino.org.ar\/site\/la-provincia-saqueada-no-nos-pasen-la-cuenta\/\" title=\"La Provincia saqueada, no nos pasen la cuenta\">La Provincia saqueada, no nos pasen la cuenta<\/a><\/h2><aside class=\"meta-row row-3\"><div class=\"meta-col\"><ul class=\"entry-meta\"><li class=\"post-time\"><time class=\"entry-date updated\" datetime=\"2023-12-28T10:10:18-03:00\">28 diciembre, 2023<\/time><\/li><li class=\"post-author schema-only\"><span class=\"screen-reader-text\">Author<\/span><a href=\"https:\/\/www.ruralpergamino.org.ar\/site\/author\/joaper2022\/\"><span class=\"vcard author JOAper2022\"><span class=\"fn\">JOAper2022<\/span><\/span><\/a><\/li><\/ul><\/div><\/aside><\/div><\/div><div id=\"post-1425\" class=\"wppm-post 1425 post-1425 post type-post status-publish format-standard has-post-thumbnail hentry category-comunicados-de-prensa category-generales category-noticias-destacadas category-14 category-12 category-9 description-off\"><div class=\"post-img-wrap\"><div class=\"post-img\"><a href=\"https:\/\/www.ruralpergamino.org.ar\/site\/extremo-impacto-economico-en-la-ciudad-por-consecuencias-de-la-sequia\/\" title=\"Extremo impacto econ\u00f3mico en la ciudad por consecuencias de la sequ\u00eda\"><img decoding=\"async\" class=\"wppm-img\" src=\"https:\/\/www.ruralpergamino.org.ar\/site\/wp-content\/uploads\/bfi_thumb\/Sequia-Pergamino-1-7978etpqa6ke26gmfjy1chofelcmpnwloyew7gzyxcg.jpeg\" alt=\"Extremo impacto econ\u00f3mico en la ciudad por consecuencias de la sequ\u00eda\" title=\"Extremo impacto econ\u00f3mico en la ciudad por consecuencias de la sequ\u00eda\"\/><\/a><\/div><\/div><div class=\"post-content\"><h2 class=\"entry-title fs-14 fw-900\"><a href=\"https:\/\/www.ruralpergamino.org.ar\/site\/extremo-impacto-economico-en-la-ciudad-por-consecuencias-de-la-sequia\/\" title=\"Extremo impacto econ\u00f3mico en la ciudad por consecuencias de la sequ\u00eda\">Extremo impacto econ\u00f3mico en la ciudad por consecuencias de la sequ\u00eda<\/a><\/h2><aside class=\"meta-row row-3\"><div class=\"meta-col\"><ul class=\"entry-meta\"><li class=\"post-time\"><time class=\"entry-date updated\" datetime=\"2023-03-31T08:40:17-03:00\">31 marzo, 2023<\/time><\/li><li class=\"post-author schema-only\"><span class=\"screen-reader-text\">Author<\/span><a href=\"https:\/\/www.ruralpergamino.org.ar\/site\/author\/joaper2022\/\"><span class=\"vcard author JOAper2022\"><span class=\"fn\">JOAper2022<\/span><\/span><\/a><\/li><\/ul><\/div><\/aside><\/div><\/div><div id=\"post-1389\" class=\"wppm-post 1389 post-1389 post type-post status-publish format-standard has-post-thumbnail hentry category-comunicados-de-prensa category-generales category-14 category-12 description-off\"><div class=\"post-img-wrap\"><div class=\"post-img\"><a href=\"https:\/\/www.ruralpergamino.org.ar\/site\/asamblea-general-ordinaria\/\" title=\"Asamblea General Ordinaria\"><img decoding=\"async\" class=\"wppm-img\" src=\"https:\/\/www.ruralpergamino.org.ar\/site\/wp-content\/uploads\/bfi_thumb\/Predio-Ferial-Sociedad-Rural-de-Pergamino-20-75ty049fsnc717qf997xu9nx1zc5qs70h6x3ro86mog.jpg\" alt=\"Asamblea General Ordinaria\" title=\"Asamblea General Ordinaria\"\/><\/a><\/div><\/div><div class=\"post-content\"><h2 class=\"entry-title fs-14 fw-900\"><a href=\"https:\/\/www.ruralpergamino.org.ar\/site\/asamblea-general-ordinaria\/\" title=\"Asamblea General Ordinaria\">Asamblea General Ordinaria<\/a><\/h2><aside class=\"meta-row row-3\"><div class=\"meta-col\"><ul class=\"entry-meta\"><li class=\"post-time\"><time class=\"entry-date updated\" datetime=\"2023-03-20T08:55:34-03:00\">20 marzo, 2023<\/time><\/li><li class=\"post-author schema-only\"><span class=\"screen-reader-text\">Author<\/span><a href=\"https:\/\/www.ruralpergamino.org.ar\/site\/author\/joaper2022\/\"><span class=\"vcard author JOAper2022\"><span class=\"fn\">JOAper2022<\/span><\/span><\/a><\/li><\/ul><\/div><\/aside><\/div><\/div><\/div>[\/vc_tta_section][vc_tta_section title=\u00bbLocales\u00bb tab_id=\u00bb1657065115518-4b26fae8-29b5&#8243;][\/vc_tta_section][\/vc_tta_accordion][\/vc_column][vc_column width=\u00bb1\/3&#8243;][vc_text_separator title=\u00bbNovedades institucionales\u00bb]<div class=\"wppm wppm-list columns-1 gutter-24 list-gutter-24 split-25-75 circle-img content-border wppm_custom_css_4\"><div id=\"post-1777\" class=\"wppm-post 1777 post-1777 post type-post status-publish format-standard has-post-thumbnail hentry category-comunicados-de-prensa category-noticias-destacadas category-novedades-institucionales category-14 category-9 category-10 description-off\"><div class=\"post-img-wrap\"><div class=\"post-img\"><a href=\"https:\/\/www.ruralpergamino.org.ar\/site\/comunicado-el-silencio\/\" title=\"Comunicado: \u00abEl Silencio\u00bb\"><img decoding=\"async\" class=\"wppm-img\" src=\"https:\/\/www.ruralpergamino.org.ar\/site\/wp-content\/uploads\/bfi_thumb\/Comunicados-General-2024-La-Rural-Linkedin-1-7dv54xjpo8racb3u6ip7mvt7zc1r60zzl4x5m5vlbao.jpg\" alt=\"Comunicado: \u00abEl Silencio\u00bb\" title=\"Comunicado: \u00abEl Silencio\u00bb\"\/><\/a><\/div><\/div><div class=\"post-content\"><h2 class=\"entry-title fs-14 fw-900\"><a href=\"https:\/\/www.ruralpergamino.org.ar\/site\/comunicado-el-silencio\/\" title=\"Comunicado: \u00abEl Silencio\u00bb\">Comunicado: \u00abEl Silencio\u00bb<\/a><\/h2><aside class=\"meta-row row-3\"><div class=\"meta-col\"><ul class=\"entry-meta\"><li class=\"post-time\"><time class=\"entry-date updated\" datetime=\"2025-01-17T09:40:09-03:00\">17 enero, 2025<\/time><\/li><li class=\"post-author schema-only\"><span class=\"screen-reader-text\">Author<\/span><a href=\"https:\/\/www.ruralpergamino.org.ar\/site\/author\/joaper2022\/\"><span class=\"vcard author JOAper2022\"><span class=\"fn\">JOAper2022<\/span><\/span><\/a><\/li><\/ul><\/div><\/aside><\/div><\/div><div id=\"post-1697\" class=\"wppm-post 1697 post-1697 post type-post status-publish format-standard has-post-thumbnail hentry category-comunicados-de-prensa category-novedades-institucionales category-14 category-10 description-off\"><div class=\"post-img-wrap\"><div class=\"post-img\"><a href=\"https:\/\/www.ruralpergamino.org.ar\/site\/comunicado-ilusion\/\" title=\"Comunicado \u00abIlusi\u00f3n\u00bb\"><img decoding=\"async\" class=\"wppm-img\" src=\"https:\/\/www.ruralpergamino.org.ar\/site\/wp-content\/uploads\/bfi_thumb\/Comunicados-General-2024-La-Rural-Linkedin-1-7dv54xjpo8racb3u6ip7mvt7zc1r60zzl4x5m5vlbao.jpg\" alt=\"Comunicado \u00abIlusi\u00f3n\u00bb\" title=\"Comunicado \u00abIlusi\u00f3n\u00bb\"\/><\/a><\/div><\/div><div class=\"post-content\"><h2 class=\"entry-title fs-14 fw-900\"><a href=\"https:\/\/www.ruralpergamino.org.ar\/site\/comunicado-ilusion\/\" title=\"Comunicado \u00abIlusi\u00f3n\u00bb\">Comunicado \u00abIlusi\u00f3n\u00bb<\/a><\/h2><aside class=\"meta-row row-3\"><div class=\"meta-col\"><ul class=\"entry-meta\"><li class=\"post-time\"><time class=\"entry-date updated\" datetime=\"2024-04-18T14:16:41-03:00\">18 abril, 2024<\/time><\/li><li class=\"post-author schema-only\"><span class=\"screen-reader-text\">Author<\/span><a href=\"https:\/\/www.ruralpergamino.org.ar\/site\/author\/joaper2022\/\"><span class=\"vcard author JOAper2022\"><span class=\"fn\">JOAper2022<\/span><\/span><\/a><\/li><\/ul><\/div><\/aside><\/div><\/div><div id=\"post-1636\" class=\"wppm-post 1636 post-1636 post type-post status-publish format-standard has-post-thumbnail hentry category-agropecuarias category-comunicados-de-prensa category-noticias-destacadas category-novedades-institucionales category-11 category-14 category-9 category-10 description-off\"><div class=\"post-img-wrap\"><div class=\"post-img\"><a href=\"https:\/\/www.ruralpergamino.org.ar\/site\/carbap-rechazamos-las-modificaciones-previstas-en-la-separata-del-presupuesto-2024\/\" title=\"CARBAP: Rechazamos las modificaciones previstas en la separata del presupuesto 2024\"><img decoding=\"async\" class=\"wppm-img\" src=\"https:\/\/www.ruralpergamino.org.ar\/site\/wp-content\/uploads\/bfi_thumb\/Presentacion1-7c3vt8v9uf9tw4zfbmbym6iqy376g9g8jkgotzwl9io.jpg\" alt=\"CARBAP: Rechazamos las modificaciones previstas en la separata del presupuesto 2024\" title=\"CARBAP: Rechazamos las modificaciones previstas en la separata del presupuesto 2024\"\/><\/a><\/div><\/div><div class=\"post-content\"><h2 class=\"entry-title fs-14 fw-900\"><a href=\"https:\/\/www.ruralpergamino.org.ar\/site\/carbap-rechazamos-las-modificaciones-previstas-en-la-separata-del-presupuesto-2024\/\" title=\"CARBAP: Rechazamos las modificaciones previstas en la separata del presupuesto 2024\">CARBAP: Rechazamos las modificaciones previstas en la separata del presupuesto 2024<\/a><\/h2><aside class=\"meta-row row-3\"><div class=\"meta-col\"><ul class=\"entry-meta\"><li class=\"post-time\"><time class=\"entry-date updated\" datetime=\"2023-11-02T19:05:30-03:00\">2 noviembre, 2023<\/time><\/li><li class=\"post-author schema-only\"><span class=\"screen-reader-text\">Author<\/span><a href=\"https:\/\/www.ruralpergamino.org.ar\/site\/author\/joaper2022\/\"><span class=\"vcard author JOAper2022\"><span class=\"fn\">JOAper2022<\/span><\/span><\/a><\/li><\/ul><\/div><\/aside><\/div><\/div><\/div>[vc_empty_space][\/vc_column][vc_column width=\u00bb1\/3&#8243;][vc_single_image image=\u00bb495&#8243; img_size=\u00bbfull\u00bb alignment=\u00bbcenter\u00bb onclick=\u00bbcustom_link\u00bb link=\u00bbhttps:\/\/www.ruralpergamino.org.ar\/site\/servicios-socios\/\u00bb]<div class=\"shortcode-banner shortcode-banner-link\" style=\"min-height: 150px;background-image: url(https:\/\/www.ruralpergamino.org.ar\/site\/wp-content\/uploads\/2022\/07\/Ateneo-Juvenil-2.png)\" onclick=\"window.location.href='https:\/\/www.ruralpergamino.org.ar\/site\/ateneo-juvenil\/';\"><div class=\"shortcode-banner-bg wf-table\" style=\"padding: 10px;min-height: 150px\"><div class=\"shortcode-banner-inside wf-table text-big\" style=\"border: solid 10px transparent;outline: solid 3px;outline-color: #ffffff;height: 140px\"><div><\/div><\/div><\/div><\/div>[\/vc_column][\/vc_row]<\/p>\n<\/div>","protected":false},"excerpt":{"rendered":"<p>[vc_row full_width=\u00bbstretch_row_content_no_spaces\u00bb css=\u00bb.vc_custom_1720790941460{margin-top: -50px !important;}\u00bb][vc_column][vc_single_image image=\u00bb1767&#8243; img_size=\u00bbfull\u00bb alignment=\u00bbcenter\u00bb css=\u00bb\u00bb][\/vc_column][\/vc_row][vc_row][vc_column width=\u00bb3\/4&#8243;][vc_text_separator title=\u00bbNOTICIAS DESTACADAS\u00bb color=\u00bbcustom\u00bb accent_color=\u00bb#007431&#8243;][\/vc_column][vc_column width=\u00bb1\/4&#8243;][vc_video link=\u00bbhttps:\/\/www.youtube.com\/watch?v=o_GeZQDaiNo&amp;t=1s\u00bb][\/vc_column][\/vc_row][vc_row][vc_column][vc_empty_space][\/vc_column][\/vc_row][vc_row][vc_column width=\u00bb1\/3&#8243;][vc_tta_accordion color=\u00bbgreen\u00bb active_section=\u00bb1&#8243; css=\u00bb.vc_custom_1658591619419{background-color: #0a7533 !important;}\u00bb][vc_tta_section title=\u00bbAgropecuarias\u00bb tab_id=\u00bb1657064896196-0418e8b0-306c\u00bb][\/vc_tta_section][vc_tta_section title=\u00bbGenerales\u00bb tab_id=\u00bb1657064896237-26025d03-22ce\u00bb][\/vc_tta_section][vc_tta_section title=\u00bbLocales\u00bb tab_id=\u00bb1657065115518-4b26fae8-29b5&#8243;][\/vc_tta_section][\/vc_tta_accordion][\/vc_column][vc_column width=\u00bb1\/3&#8243;][vc_text_separator title=\u00bbNovedades institucionales\u00bb][vc_empty_space][\/vc_column][vc_column width=\u00bb1\/3&#8243;][vc_single_image image=\u00bb495&#8243; img_size=\u00bbfull\u00bb alignment=\u00bbcenter\u00bb onclick=\u00bbcustom_link\u00bb link=\u00bbhttps:\/\/www.ruralpergamino.org.ar\/site\/servicios-socios\/\u00bb][\/vc_column][\/vc_row]<\/p>\n","protected":false},"author":2,"featured_media":0,"parent":0,"menu_order":0,"comment_status":"closed","ping_status":"closed","template":"","meta":{"footnotes":""},"class_list":["post-13","page","type-page","status-publish","hentry","category-11","category-14","category-9","category-10","description-off"],"_links":{"self":[{"href":"https:\/\/www.ruralpergamino.org.ar\/site\/wp-json\/wp\/v2\/pages\/13","targetHints":{"allow":["GET"]}}],"collection":[{"href":"https:\/\/www.ruralpergamino.org.ar\/site\/wp-json\/wp\/v2\/pages"}],"about":[{"href":"https:\/\/www.ruralpergamino.org.ar\/site\/wp-json\/wp\/v2\/types\/page"}],"author":[{"embeddable":true,"href":"https:\/\/www.ruralpergamino.org.ar\/site\/wp-json\/wp\/v2\/users\/2"}],"replies":[{"embeddable":true,"href":"https:\/\/www.ruralpergamino.org.ar\/site\/wp-json\/wp\/v2\/comments?post=13"}],"version-history":[{"count":131,"href":"https:\/\/www.ruralpergamino.org.ar\/site\/wp-json\/wp\/v2\/pages\/13\/revisions"}],"predecessor-version":[{"id":1872,"href":"https:\/\/www.ruralpergamino.org.ar\/site\/wp-json\/wp\/v2\/pages\/13\/revisions\/1872"}],"wp:attachment":[{"href":"https:\/\/www.ruralpergamino.org.ar\/site\/wp-json\/wp\/v2\/media?parent=13"}],"curies":[{"name":"wp","href":"https:\/\/api.w.org\/{rel}","templated":true}]}}